{"id":108881,"date":"2024-11-28T08:20:21","date_gmt":"2024-11-28T08:20:21","guid":{"rendered":"https:\/\/www.macmillaneducation.es\/?post_type=zona-profes&#038;p=108881"},"modified":"2024-11-28T08:21:26","modified_gmt":"2024-11-28T08:21:26","slug":"calendario-de-adviento-2024","status":"publish","type":"zona-profes","link":"https:\/\/www.macmillaneducation.es\/gl\/zona-profes\/calendario-de-adviento-2024\/","title":{"rendered":"Calendario de Adviento 2024 &#8211; Versi\u00f3n en castellano"},"content":{"rendered":"<p>Este a\u00f1o, \u00a1nuestro Calendario de Adviento es m\u00e1s interactivo que nunca!<\/p>\n<p><strong>Puedes utilizar este calendario en clase con la pizarra interactiva o compartirlo con tu alumnado para que lo hagan en casa.<\/strong><\/p>\n<p>El Grinch ha robado los regalos que Pap\u00e1 Noel ten\u00eda preparados para repartir por todo el mundo. \u00a1Necesitamos vuestra ayuda para recuperarlos antes de Nochebuena!<\/p>\n<p>Para lograrlo, tendr\u00e9is que completar las actividades de cada d\u00eda. Estas actividades incluir\u00e1n<strong> juegos interactivos<\/strong>, <strong>quizzes<\/strong> en tiempo real, <strong>v\u00eddeos<\/strong> y <strong>enlaces<\/strong> a p\u00e1ginas con contenidos muy interesantes. Algunas actividades requerir\u00e1n usar el <strong>l\u00e1piz en la esquina superior derecha<\/strong> de la pantalla, y en otras solo tendr\u00e9is que seguir las indicaciones. Adem\u00e1s, \u00a1preparaos para usar esas gargantas con diversas canciones que os sorprender\u00e1n! Los \u00faltimos d\u00edas incluir\u00e1n actividades para hacer en casa.<\/p>\n<p>Mientras tanto, perseguir\u00e9is al Grinch a trav\u00e9s de diversos pa\u00edses. Conocer\u00e9is c\u00f3mo se celebra la Navidad en distintas partes del mundo mediante contenidos muy curiosos y, al mismo tiempo, encontrar\u00e9is las huellas que el Grinch ha ido dejando a su paso.<\/p>\n<p>Las pistas guiar\u00e1n la historia, \u00a1as\u00ed que deb\u00e9is estar atentos para encontrar al Grinch y recuperar los regalos robados!<\/p>\n<p>\u00bfNos ayudas a recuperarlos?<\/p>\n<p style=\"text-align: center;\"><a href=\"https:\/\/view.genially.com\/673719f3f946e138222fd278\" target=\"_blank\" rel=\"noopener noreferrer\"><strong><button class=\"btn btn-danger\" type=\"button\">IR AL CALENDARIO<\/button><\/strong><\/a><\/p>\n<p>&nbsp;<\/p>\n<div style=\"width: 100%;\">\n<div style=\"position: relative; padding-bottom: 50%; padding-top: 0; height: 0;\"><iframe loading=\"lazy\" style=\"position: absolute; top: 0; left: 0; width: 100%; height: 100%;\" title=\"Calendario de adviento 2024\" src=\"https:\/\/view.genially.com\/673719f3f946e138222fd278\" width=\"1200px\" height=\"600px\" frameborder=\"0\" scrolling=\"yes\" allowfullscreen=\"allowfullscreen\"><\/iframe><\/div>\n<\/div>\n<hr \/>\n<h2 style=\"text-align: center;\">\u00bfEres profe y utilizas un m\u00e9todo Macmillan Education? \u00a1Descubre m\u00e1s recursos como este en Advantage!<\/h2>\n<p>&nbsp;<\/p>\n<p style=\"text-align: center;\"><a href=\"https:\/\/advantage.macmillan.es\/\" target=\"_blank\" rel=\"noopener noreferrer\"><strong><button class=\"btn btn-danger\" type=\"button\">Acceder<\/button><\/strong><\/a><\/p>\n<p>&nbsp;<\/p>\n","protected":false},"featured_media":108874,"template":"","categories":[442,459,460,451],"tags":[450,495],"class_list":["post-108881","zona-profes","type-zona-profes","status-publish","has-post-thumbnail","hentry","category-recursos-para-el-aula","category-infantil","category-primaria","category-zona-de-profes","tag-fle","tag-daf"],"acf":[],"yoast_head":"<!-- This site is optimized with the Yoast SEO plugin v27.4 - https:\/\/yoast.com\/product\/yoast-seo-wordpress\/ -->\n<title>Calendario de Adviento 2024 - Versi\u00f3n en castellano - Macmillan<\/title>\n<meta name=\"robots\" content=\"index, follow, max-snippet:-1, max-image-preview:large, max-video-preview:-1\" \/>\n<link rel=\"canonical\" href=\"https:\/\/www.macmillaneducation.es\/gl\/zona-profes\/calendario-de-adviento-2024\/\" \/>\n<meta property=\"og:locale\" content=\"gl_ES\" \/>\n<meta property=\"og:type\" content=\"article\" \/>\n<meta property=\"og:title\" content=\"Calendario de Adviento 2024 - Versi\u00f3n en castellano - Macmillan\" \/>\n<meta property=\"og:description\" content=\"Este a\u00f1o, \u00a1nuestro Calendario de Adviento es m\u00e1s interactivo que nunca! Puedes utilizar este calendario en clase con la pizarra interactiva o compartirlo con tu alumnado para que lo hagan en casa. El Grinch ha robado los regalos que Pap\u00e1 Noel ten\u00eda preparados para repartir por todo el mundo. \u00a1Necesitamos vuestra ayuda para recuperarlos antes [&hellip;]\" \/>\n<meta property=\"og:url\" content=\"https:\/\/www.macmillaneducation.es\/gl\/zona-profes\/calendario-de-adviento-2024\/\" \/>\n<meta property=\"og:site_name\" content=\"Macmillan\" \/>\n<meta property=\"article:publisher\" content=\"https:\/\/www.facebook.com\/MacmillanSpain\" \/>\n<meta property=\"article:modified_time\" content=\"2024-11-28T08:21:26+00:00\" \/>\n<meta property=\"og:image\" content=\"https:\/\/www.macmillaneducation.es\/wp-content\/uploads\/2024\/11\/Halloween-1.png\" \/>\n\t<meta property=\"og:image:width\" content=\"1110\" \/>\n\t<meta property=\"og:image:height\" content=\"300\" \/>\n\t<meta property=\"og:image:type\" content=\"image\/png\" \/>\n<meta name=\"twitter:card\" content=\"summary_large_image\" \/>\n<meta name=\"twitter:label1\" content=\"Tempo de lectura\" \/>\n\t<meta name=\"twitter:data1\" content=\"1 minuto\" \/>\n<script type=\"application\/ld+json\" class=\"yoast-schema-graph\">{\"@context\":\"https:\\\/\\\/schema.org\",\"@graph\":[{\"@type\":\"WebPage\",\"@id\":\"https:\\\/\\\/www.macmillaneducation.es\\\/gl\\\/zona-profes\\\/calendario-de-adviento-2024\\\/\",\"url\":\"https:\\\/\\\/www.macmillaneducation.es\\\/gl\\\/zona-profes\\\/calendario-de-adviento-2024\\\/\",\"name\":\"Calendario de Adviento 2024 - Versi\u00f3n en castellano - Macmillan\",\"isPartOf\":{\"@id\":\"https:\\\/\\\/www.macmillaneducation.es\\\/gl\\\/#website\"},\"primaryImageOfPage\":{\"@id\":\"https:\\\/\\\/www.macmillaneducation.es\\\/gl\\\/zona-profes\\\/calendario-de-adviento-2024\\\/#primaryimage\"},\"image\":{\"@id\":\"https:\\\/\\\/www.macmillaneducation.es\\\/gl\\\/zona-profes\\\/calendario-de-adviento-2024\\\/#primaryimage\"},\"thumbnailUrl\":\"https:\\\/\\\/www.macmillaneducation.es\\\/wp-content\\\/uploads\\\/2024\\\/11\\\/Halloween-1.png\",\"datePublished\":\"2024-11-28T08:20:21+00:00\",\"dateModified\":\"2024-11-28T08:21:26+00:00\",\"breadcrumb\":{\"@id\":\"https:\\\/\\\/www.macmillaneducation.es\\\/gl\\\/zona-profes\\\/calendario-de-adviento-2024\\\/#breadcrumb\"},\"inLanguage\":\"gl-ES\",\"potentialAction\":[{\"@type\":\"ReadAction\",\"target\":[\"https:\\\/\\\/www.macmillaneducation.es\\\/gl\\\/zona-profes\\\/calendario-de-adviento-2024\\\/\"]}]},{\"@type\":\"ImageObject\",\"inLanguage\":\"gl-ES\",\"@id\":\"https:\\\/\\\/www.macmillaneducation.es\\\/gl\\\/zona-profes\\\/calendario-de-adviento-2024\\\/#primaryimage\",\"url\":\"https:\\\/\\\/www.macmillaneducation.es\\\/wp-content\\\/uploads\\\/2024\\\/11\\\/Halloween-1.png\",\"contentUrl\":\"https:\\\/\\\/www.macmillaneducation.es\\\/wp-content\\\/uploads\\\/2024\\\/11\\\/Halloween-1.png\",\"width\":1110,\"height\":300,\"caption\":\"Calendario de Adviento 2024\"},{\"@type\":\"BreadcrumbList\",\"@id\":\"https:\\\/\\\/www.macmillaneducation.es\\\/gl\\\/zona-profes\\\/calendario-de-adviento-2024\\\/#breadcrumb\",\"itemListElement\":[{\"@type\":\"ListItem\",\"position\":1,\"name\":\"Home\",\"item\":\"https:\\\/\\\/www.macmillaneducation.es\\\/gl\\\/\"},{\"@type\":\"ListItem\",\"position\":2,\"name\":\"Calendario de Adviento 2024 &#8211; Versi\u00f3n en castellano\"}]},{\"@type\":\"WebSite\",\"@id\":\"https:\\\/\\\/www.macmillaneducation.es\\\/gl\\\/#website\",\"url\":\"https:\\\/\\\/www.macmillaneducation.es\\\/gl\\\/\",\"name\":\"Macmillan\",\"description\":\"Macmillan Education\",\"publisher\":{\"@id\":\"https:\\\/\\\/www.macmillaneducation.es\\\/gl\\\/#organization\"},\"potentialAction\":[{\"@type\":\"SearchAction\",\"target\":{\"@type\":\"EntryPoint\",\"urlTemplate\":\"https:\\\/\\\/www.macmillaneducation.es\\\/gl\\\/?s={search_term_string}\"},\"query-input\":{\"@type\":\"PropertyValueSpecification\",\"valueRequired\":true,\"valueName\":\"search_term_string\"}}],\"inLanguage\":\"gl-ES\"},{\"@type\":\"Organization\",\"@id\":\"https:\\\/\\\/www.macmillaneducation.es\\\/gl\\\/#organization\",\"name\":\"Macmillan Education Iberia\",\"url\":\"https:\\\/\\\/www.macmillaneducation.es\\\/gl\\\/\",\"logo\":{\"@type\":\"ImageObject\",\"inLanguage\":\"gl-ES\",\"@id\":\"https:\\\/\\\/www.macmillaneducation.es\\\/gl\\\/#\\\/schema\\\/logo\\\/image\\\/\",\"url\":\"https:\\\/\\\/www.macmillaneducation.es\\\/wp-content\\\/uploads\\\/2026\\\/02\\\/Macmillan-Education-Logo.jpg\",\"contentUrl\":\"https:\\\/\\\/www.macmillaneducation.es\\\/wp-content\\\/uploads\\\/2026\\\/02\\\/Macmillan-Education-Logo.jpg\",\"width\":2560,\"height\":1044,\"caption\":\"Macmillan Education Iberia\"},\"image\":{\"@id\":\"https:\\\/\\\/www.macmillaneducation.es\\\/gl\\\/#\\\/schema\\\/logo\\\/image\\\/\"},\"sameAs\":[\"https:\\\/\\\/www.facebook.com\\\/MacmillanSpain\",\"https:\\\/\\\/www.instagram.com\\\/macmillanspain\\\/\",\"https:\\\/\\\/www.linkedin.com\\\/company\\\/macmillan-iberia\",\"https:\\\/\\\/youtube.com\\\/@MacmillanSpain\"]}]}<\/script>\n<!-- \/ Yoast SEO plugin. -->","yoast_head_json":{"title":"Calendario de Adviento 2024 - Versi\u00f3n en castellano - Macmillan","robots":{"index":"index","follow":"follow","max-snippet":"max-snippet:-1","max-image-preview":"max-image-preview:large","max-video-preview":"max-video-preview:-1"},"canonical":"https:\/\/www.macmillaneducation.es\/gl\/zona-profes\/calendario-de-adviento-2024\/","og_locale":"gl_ES","og_type":"article","og_title":"Calendario de Adviento 2024 - Versi\u00f3n en castellano - Macmillan","og_description":"Este a\u00f1o, \u00a1nuestro Calendario de Adviento es m\u00e1s interactivo que nunca! Puedes utilizar este calendario en clase con la pizarra interactiva o compartirlo con tu alumnado para que lo hagan en casa. El Grinch ha robado los regalos que Pap\u00e1 Noel ten\u00eda preparados para repartir por todo el mundo. \u00a1Necesitamos vuestra ayuda para recuperarlos antes [&hellip;]","og_url":"https:\/\/www.macmillaneducation.es\/gl\/zona-profes\/calendario-de-adviento-2024\/","og_site_name":"Macmillan","article_publisher":"https:\/\/www.facebook.com\/MacmillanSpain","article_modified_time":"2024-11-28T08:21:26+00:00","og_image":[{"width":1110,"height":300,"url":"https:\/\/www.macmillaneducation.es\/wp-content\/uploads\/2024\/11\/Halloween-1.png","type":"image\/png"}],"twitter_card":"summary_large_image","twitter_misc":{"Tempo de lectura":"1 minuto"},"schema":{"@context":"https:\/\/schema.org","@graph":[{"@type":"WebPage","@id":"https:\/\/www.macmillaneducation.es\/gl\/zona-profes\/calendario-de-adviento-2024\/","url":"https:\/\/www.macmillaneducation.es\/gl\/zona-profes\/calendario-de-adviento-2024\/","name":"Calendario de Adviento 2024 - Versi\u00f3n en castellano - Macmillan","isPartOf":{"@id":"https:\/\/www.macmillaneducation.es\/gl\/#website"},"primaryImageOfPage":{"@id":"https:\/\/www.macmillaneducation.es\/gl\/zona-profes\/calendario-de-adviento-2024\/#primaryimage"},"image":{"@id":"https:\/\/www.macmillaneducation.es\/gl\/zona-profes\/calendario-de-adviento-2024\/#primaryimage"},"thumbnailUrl":"https:\/\/www.macmillaneducation.es\/wp-content\/uploads\/2024\/11\/Halloween-1.png","datePublished":"2024-11-28T08:20:21+00:00","dateModified":"2024-11-28T08:21:26+00:00","breadcrumb":{"@id":"https:\/\/www.macmillaneducation.es\/gl\/zona-profes\/calendario-de-adviento-2024\/#breadcrumb"},"inLanguage":"gl-ES","potentialAction":[{"@type":"ReadAction","target":["https:\/\/www.macmillaneducation.es\/gl\/zona-profes\/calendario-de-adviento-2024\/"]}]},{"@type":"ImageObject","inLanguage":"gl-ES","@id":"https:\/\/www.macmillaneducation.es\/gl\/zona-profes\/calendario-de-adviento-2024\/#primaryimage","url":"https:\/\/www.macmillaneducation.es\/wp-content\/uploads\/2024\/11\/Halloween-1.png","contentUrl":"https:\/\/www.macmillaneducation.es\/wp-content\/uploads\/2024\/11\/Halloween-1.png","width":1110,"height":300,"caption":"Calendario de Adviento 2024"},{"@type":"BreadcrumbList","@id":"https:\/\/www.macmillaneducation.es\/gl\/zona-profes\/calendario-de-adviento-2024\/#breadcrumb","itemListElement":[{"@type":"ListItem","position":1,"name":"Home","item":"https:\/\/www.macmillaneducation.es\/gl\/"},{"@type":"ListItem","position":2,"name":"Calendario de Adviento 2024 &#8211; Versi\u00f3n en castellano"}]},{"@type":"WebSite","@id":"https:\/\/www.macmillaneducation.es\/gl\/#website","url":"https:\/\/www.macmillaneducation.es\/gl\/","name":"Macmillan","description":"Macmillan Education","publisher":{"@id":"https:\/\/www.macmillaneducation.es\/gl\/#organization"},"potentialAction":[{"@type":"SearchAction","target":{"@type":"EntryPoint","urlTemplate":"https:\/\/www.macmillaneducation.es\/gl\/?s={search_term_string}"},"query-input":{"@type":"PropertyValueSpecification","valueRequired":true,"valueName":"search_term_string"}}],"inLanguage":"gl-ES"},{"@type":"Organization","@id":"https:\/\/www.macmillaneducation.es\/gl\/#organization","name":"Macmillan Education Iberia","url":"https:\/\/www.macmillaneducation.es\/gl\/","logo":{"@type":"ImageObject","inLanguage":"gl-ES","@id":"https:\/\/www.macmillaneducation.es\/gl\/#\/schema\/logo\/image\/","url":"https:\/\/www.macmillaneducation.es\/wp-content\/uploads\/2026\/02\/Macmillan-Education-Logo.jpg","contentUrl":"https:\/\/www.macmillaneducation.es\/wp-content\/uploads\/2026\/02\/Macmillan-Education-Logo.jpg","width":2560,"height":1044,"caption":"Macmillan Education Iberia"},"image":{"@id":"https:\/\/www.macmillaneducation.es\/gl\/#\/schema\/logo\/image\/"},"sameAs":["https:\/\/www.facebook.com\/MacmillanSpain","https:\/\/www.instagram.com\/macmillanspain\/","https:\/\/www.linkedin.com\/company\/macmillan-iberia","https:\/\/youtube.com\/@MacmillanSpain"]}]}},"_links":{"self":[{"href":"https:\/\/www.macmillaneducation.es\/gl\/wp-json\/wp\/v2\/zona-profes\/108881","targetHints":{"allow":["GET"]}}],"collection":[{"href":"https:\/\/www.macmillaneducation.es\/gl\/wp-json\/wp\/v2\/zona-profes"}],"about":[{"href":"https:\/\/www.macmillaneducation.es\/gl\/wp-json\/wp\/v2\/types\/zona-profes"}],"wp:featuredmedia":[{"embeddable":true,"href":"https:\/\/www.macmillaneducation.es\/gl\/wp-json\/wp\/v2\/media\/108874"}],"wp:attachment":[{"href":"https:\/\/www.macmillaneducation.es\/gl\/wp-json\/wp\/v2\/media?parent=108881"}],"wp:term":[{"taxonomy":"category","embeddable":true,"href":"https:\/\/www.macmillaneducation.es\/gl\/wp-json\/wp\/v2\/categories?post=108881"},{"taxonomy":"post_tag","embeddable":true,"href":"https:\/\/www.macmillaneducation.es\/gl\/wp-json\/wp\/v2\/tags?post=108881"}],"curies":[{"name":"wp","href":"https:\/\/api.w.org\/{rel}","templated":true}]}}